{"id":344,"date":"2025-10-29T14:05:05","date_gmt":"2025-10-29T13:05:05","guid":{"rendered":"https:\/\/www.brasserielarmateur.fr\/?page_id=344"},"modified":"2025-10-29T14:05:05","modified_gmt":"2025-10-29T13:05:05","slug":"mentions-legales","status":"publish","type":"page","link":"https:\/\/www.brasserielarmateur.fr\/index.php\/mentions-legales\/","title":{"rendered":"Mentions l\u00e9gales"},"content":{"rendered":"[et_pb_section fb_built=\u00a0\u00bb1&Prime; admin_label=\u00a0\u00bbsection\u00a0\u00bb _builder_version=\u00a0\u00bb4.16&Prime; global_colors_info=\u00a0\u00bb{}\u00a0\u00bb][et_pb_row admin_label=\u00a0\u00bbrow\u00a0\u00bb _builder_version=\u00a0\u00bb4.16&Prime; background_size=\u00a0\u00bbinitial\u00a0\u00bb background_position=\u00a0\u00bbtop_left\u00a0\u00bb background_repeat=\u00a0\u00bbrepeat\u00a0\u00bb global_colors_info=\u00a0\u00bb{}\u00a0\u00bb][et_pb_column type=\u00a0\u00bb4_4&Prime; _builder_version=\u00a0\u00bb4.16&Prime; custom_padding=\u00a0\u00bb|||\u00a0\u00bb global_colors_info=\u00a0\u00bb{}\u00a0\u00bb custom_padding__hover=\u00a0\u00bb|||\u00a0\u00bb][et_pb_text admin_label=\u00a0\u00bbText\u00a0\u00bb _builder_version=\u00a0\u00bb4.25.2&Prime; background_size=\u00a0\u00bbinitial\u00a0\u00bb background_position=\u00a0\u00bbtop_left\u00a0\u00bb background_repeat=\u00a0\u00bbrepeat\u00a0\u00bb hover_enabled=\u00a0\u00bb0&Prime; global_colors_info=\u00a0\u00bb{}\u00a0\u00bb sticky_enabled=\u00a0\u00bb0&Prime;]<p><\/p>\n<h2 class=\"wp-block-heading\"><strong>Propri\u00e9taire du site :<\/strong><\/h2>\n<p>Nom de l\u2019entreprise : Brasserie L&rsquo;armateur<\/p>\n<p>Statut juridique : SRL<\/p>\n<p>Si\u00e8ge social : 27 RUE DE LA FONTAINE 22450 LA ROCHE-JAUDY<span><\/span><\/p>\n<p>BCE\/TVA : FR56953318375<\/p>\n<p>Adresse e-mail : contact@brasserielarmateur.fr<\/p>\n<p>Num\u00e9ro de t\u00e9l\u00e9phone : <strong><a data-dtype=\"d3ph\" data-local-attribute=\"d3ph\" jscontroller=\"LWZElb\" href=\"https:\/\/www.google.com\/search?client=opera-gx&amp;q=brasserie+l%27armatuer&amp;sourceid=opera&amp;ie=UTF-8&amp;oe=UTF-8#\" jsdata=\"QKGTRc;_;Bp5U4E\" jsaction=\"rcuQ6b:npT2md;F75qrd\" data-ved=\"2ahUKEwjm852tg_2CAxXUgv0HHU7hBb8QkAgoAHoECD4QAw\"><span aria-label=\"Appeler le +33 6 46 42 08 62\">+33 6 46 42 08 62<\/span><\/a><\/strong><\/p>\n<p>Directeur de la publication : Beno\u00eet Duverger<\/p>\n<p>&nbsp;<\/p>\n<h2><strong>H\u00e9bergeur du site :<\/strong><\/h2>\n<p>&nbsp;<\/p>\n<p><strong>Nom de l\u2019h\u00e9bergeur :<\/strong>\u00a0Hostinger International Ltd.<\/p>\n<p><strong>Adresse :<\/strong>\u00a0Hostinger, 61 Lordou Vironos Street, 6023 Larnaca, Chypre.<\/p>\n<p><strong>Contact :<\/strong>\u00a0Vous pouvez indiquer un email ou un lien vers le service client :\u00a0support@hostinger.com.<\/p>\n<p><strong>Site web :<\/strong>\u00a0<a href=\"http:\/\/www.hostinger.fr\/\">www.hostinger.fr<\/a><\/p>\n<p><img decoding=\"async\" src=\"https:\/\/app.greenweb.org\/api\/v3\/greencheckimage\/www.brasserielarmateur.fr?nocache=true\" alt=\"This website runs on green hosting - verified by thegreenwebfoundation.org\" width=\"200px\" height=\"95px\" \/>\u00a0<\/p>\n<h2><strong>Propri\u00e9t\u00e9 intellectuelle :<\/strong><\/h2>\n<p>\u00a0Le contenu du site internet Brasserie L&rsquo;armateur, incluant mais sans s\u2019y limiter, les textes, images, graphismes, logos, et vid\u00e9os, est la propri\u00e9t\u00e9 exclusive de Brasserie L&rsquo;armateur ou de ses partenaires. Toute reproduction, distribution, modification, adaptation, retransmission ou publication, m\u00eame partielle, est strictement interdite sans l\u2019accord \u00e9crit pr\u00e9alable de Brasserie L&rsquo;armateur.<\/p>\n<p>&nbsp;<\/p>\n<h2><strong>Responsabilit\u00e9 :<\/strong><\/h2>\n<p>&nbsp;<\/p>\n<p>Brasserie L&rsquo;armateur s\u2019efforce d\u2019assurer au mieux l\u2019exactitude et la mise \u00e0 jour des informations diffus\u00e9es sur le site. Cependant, elle ne peut garantir l\u2019exactitude, la compl\u00e9tude et la mise \u00e0 jour des informations mises \u00e0 disposition sur le site. Brasserie L&rsquo;armateur\u00a0d\u00e9cline toute responsabilit\u00e9 quant \u00e0 l\u2019utilisation qui pourrait \u00eatre faite du contenu du site.<\/p>\n<p>&nbsp;<\/p>\n<p><strong>Lien vers d\u2019autres sites internet :<\/strong><\/p>\n<p>&nbsp;<\/p>\n<p>Le site peut inclure des liens vers d\u2019autres sites, notamment des partenaires et sources d\u2019informations. Brasserie L&rsquo;armateur\u00a0ne pourra \u00eatre tenue responsable des contenus des sites tiers auxquels l\u2019utilisateur pourrait acc\u00e9der via les liens.<\/p>\n<p><\/p>[\/et_pb_text][\/et_pb_column][\/et_pb_row][\/et_pb_section]","protected":false},"excerpt":{"rendered":"<p>Propri\u00e9taire du site : Nom de l\u2019entreprise : Brasserie L&rsquo;armateur Statut juridique : SRL Si\u00e8ge social : 27 RUE DE LA FONTAINE 22450 LA ROCHE-JAUDY BCE\/TVA : FR56953318375 Adresse e-mail : contact@brasserielarmateur.fr Num\u00e9ro de t\u00e9l\u00e9phone : +33 6 46 42 08 62 Directeur de la publication : Beno\u00eet Duverger &nbsp; H\u00e9bergeur du site : &nbsp; [&hellip;]<\/p>\n","protected":false},"author":4,"featured_media":0,"parent":0,"menu_order":0,"comment_status":"closed","ping_status":"closed","template":"","meta":{"_et_pb_use_builder":"on","_et_pb_old_content":"<!-- wp:heading --><h2>Qui sommes-nous\u00a0?<\/h2><!-- \/wp:heading --><!-- wp:paragraph --><p><strong class=\"privacy-policy-tutorial\">Texte sugg\u00e9r\u00e9\u00a0: <\/strong>L\u2019adresse de notre site est\u00a0: https:\/\/www.brasserielarmateur.fr.<\/p><!-- \/wp:paragraph --><!-- wp:heading --><h2>Commentaires<\/h2><!-- \/wp:heading --><!-- wp:paragraph --><p><strong class=\"privacy-policy-tutorial\">Texte sugg\u00e9r\u00e9\u00a0: <\/strong>Quand vous laissez un commentaire sur notre site, les donn\u00e9es inscrites dans le formulaire de commentaire, ainsi que votre adresse IP et l\u2019agent utilisateur de votre navigateur sont collect\u00e9s pour nous aider \u00e0 la d\u00e9tection des commentaires ind\u00e9sirables.<\/p><!-- \/wp:paragraph --><!-- wp:paragraph --><p>Une cha\u00eene anonymis\u00e9e cr\u00e9\u00e9e \u00e0 partir de votre adresse e-mail (\u00e9galement appel\u00e9e hash) peut \u00eatre envoy\u00e9e au service Gravatar pour v\u00e9rifier si vous utilisez ce dernier. Les clauses de confidentialit\u00e9 du service Gravatar sont disponibles ici\u00a0: https:\/\/automattic.com\/privacy\/. Apr\u00e8s validation de votre commentaire, votre photo de profil sera visible publiquement \u00e0 cot\u00e9 de votre commentaire.<\/p><!-- \/wp:paragraph --><!-- wp:heading --><h2>M\u00e9dias<\/h2><!-- \/wp:heading --><!-- wp:paragraph --><p><strong class=\"privacy-policy-tutorial\">Texte sugg\u00e9r\u00e9\u00a0: <\/strong>Si vous t\u00e9l\u00e9versez des images sur le site, nous vous conseillons d\u2019\u00e9viter de t\u00e9l\u00e9verser des images contenant des donn\u00e9es EXIF de coordonn\u00e9es GPS. Les personnes visitant votre site peuvent t\u00e9l\u00e9charger et extraire des donn\u00e9es de localisation depuis ces images.<\/p><!-- \/wp:paragraph --><!-- wp:heading --><h2>Cookies<\/h2><!-- \/wp:heading --><!-- wp:paragraph --><p><strong class=\"privacy-policy-tutorial\">Texte sugg\u00e9r\u00e9\u00a0: <\/strong>Si vous d\u00e9posez un commentaire sur notre site, il vous sera propos\u00e9 d\u2019enregistrer votre nom, adresse e-mail et site dans des cookies. C\u2019est uniquement pour votre confort afin de ne pas avoir \u00e0 saisir ces informations si vous d\u00e9posez un autre commentaire plus tard. Ces cookies expirent au bout d\u2019un an.<\/p><!-- \/wp:paragraph --><!-- wp:paragraph --><p>Si vous vous rendez sur la page de connexion, un cookie temporaire sera cr\u00e9\u00e9 afin de d\u00e9terminer si votre navigateur accepte les cookies. Il ne contient pas de donn\u00e9es personnelles et sera supprim\u00e9 automatiquement \u00e0 la fermeture de votre navigateur.<\/p><!-- \/wp:paragraph --><!-- wp:paragraph --><p>Lorsque vous vous connecterez, nous mettrons en place un certain nombre de cookies pour enregistrer vos informations de connexion et vos pr\u00e9f\u00e9rences d\u2019\u00e9cran. La dur\u00e9e de vie d\u2019un cookie de connexion est de deux jours, celle d\u2019un cookie d\u2019option d\u2019\u00e9cran est d\u2019un an. Si vous cochez \u00ab\u00a0Se souvenir de moi\u00a0\u00bb, votre cookie de connexion sera conserv\u00e9 pendant deux semaines. Si vous vous d\u00e9connectez de votre compte, le cookie de connexion sera effac\u00e9.<\/p><!-- \/wp:paragraph --><!-- wp:paragraph --><p>En modifiant ou en publiant une publication, un cookie suppl\u00e9mentaire sera enregistr\u00e9 dans votre navigateur. Ce cookie ne comprend aucune donn\u00e9e personnelle. Il indique simplement l\u2019ID de la publication que vous venez de modifier. Il expire au bout d\u2019un jour.<\/p><!-- \/wp:paragraph --><!-- wp:heading --><h2>Contenu embarqu\u00e9 depuis d\u2019autres sites<\/h2><!-- \/wp:heading --><!-- wp:paragraph --><p><strong class=\"privacy-policy-tutorial\">Texte sugg\u00e9r\u00e9\u00a0: <\/strong>Les articles de ce site peuvent inclure des contenus int\u00e9gr\u00e9s (par exemple des vid\u00e9os, images, articles\u2026). Le contenu int\u00e9gr\u00e9 depuis d\u2019autres sites se comporte de la m\u00eame mani\u00e8re que si le visiteur se rendait sur cet autre site.<\/p><!-- \/wp:paragraph --><!-- wp:paragraph --><p>Ces sites web pourraient collecter des donn\u00e9es sur vous, utiliser des cookies, embarquer des outils de suivis tiers, suivre vos interactions avec ces contenus embarqu\u00e9s si vous disposez d\u2019un compte connect\u00e9 sur leur site web.<\/p><!-- \/wp:paragraph --><!-- wp:heading --><h2>Utilisation et transmission de vos donn\u00e9es personnelles<\/h2><!-- \/wp:heading --><!-- wp:paragraph --><p><strong class=\"privacy-policy-tutorial\">Texte sugg\u00e9r\u00e9\u00a0: <\/strong>Si vous demandez une r\u00e9initialisation de votre mot de passe, votre adresse IP sera incluse dans l\u2019e-mail de r\u00e9initialisation.<\/p><!-- \/wp:paragraph --><!-- wp:heading --><h2>Dur\u00e9es de stockage de vos donn\u00e9es<\/h2><!-- \/wp:heading --><!-- wp:paragraph --><p><strong class=\"privacy-policy-tutorial\">Texte sugg\u00e9r\u00e9\u00a0: <\/strong>Si vous laissez un commentaire, le commentaire et ses m\u00e9tadonn\u00e9es sont conserv\u00e9s ind\u00e9finiment. Cela permet de reconna\u00eetre et approuver automatiquement les commentaires suivants au lieu de les laisser dans la file de mod\u00e9ration.<\/p><!-- \/wp:paragraph --><!-- wp:paragraph --><p>Pour les comptes qui s\u2019inscrivent sur notre site (le cas \u00e9ch\u00e9ant), nous stockons \u00e9galement les donn\u00e9es personnelles indiqu\u00e9es dans leur profil. Tous les comptes peuvent voir, modifier ou supprimer leurs informations personnelles \u00e0 tout moment (\u00e0 l\u2019exception de leur identifiant). Les gestionnaires du site peuvent aussi voir et modifier ces informations.<\/p><!-- \/wp:paragraph --><!-- wp:heading --><h2>Les droits que vous avez sur vos donn\u00e9es<\/h2><!-- \/wp:heading --><!-- wp:paragraph --><p><strong class=\"privacy-policy-tutorial\">Texte sugg\u00e9r\u00e9\u00a0: <\/strong>Si vous avez un compte ou si vous avez laiss\u00e9 des commentaires sur le site, vous pouvez demander \u00e0 recevoir un fichier contenant toutes les donn\u00e9es personnelles que nous poss\u00e9dons \u00e0 votre sujet, incluant celles que vous nous avez fournies. Vous pouvez \u00e9galement demander la suppression des donn\u00e9es personnelles vous concernant. Cela ne prend pas en compte les donn\u00e9es stock\u00e9es \u00e0 des fins administratives, l\u00e9gales ou pour des raisons de s\u00e9curit\u00e9.<\/p><!-- \/wp:paragraph --><!-- wp:heading --><h2>O\u00f9 vos donn\u00e9es sont envoy\u00e9es<\/h2><!-- \/wp:heading --><!-- wp:paragraph --><p><strong class=\"privacy-policy-tutorial\">Texte sugg\u00e9r\u00e9\u00a0: <\/strong>Les commentaires des visiteurs peuvent \u00eatre v\u00e9rifi\u00e9s \u00e0 l\u2019aide d\u2019un service automatis\u00e9 de d\u00e9tection des commentaires ind\u00e9sirables.<\/p><!-- \/wp:paragraph -->","_et_gb_content_width":"","footnotes":""},"class_list":["post-344","page","type-page","status-publish","hentry"],"yoast_head":"<!-- This site is optimized with the Yoast SEO plugin v27.1.1 - https:\/\/yoast.com\/product\/yoast-seo-wordpress\/ -->\n<title>Mentions l\u00e9gales - Brasserie l&#039;armateur<\/title>\n<meta name=\"robots\" content=\"index, follow, max-snippet:-1, max-image-preview:large, max-video-preview:-1\" \/>\n<link rel=\"canonical\" href=\"https:\/\/www.brasserielarmateur.fr\/index.php\/mentions-legales\/\" \/>\n<meta property=\"og:locale\" content=\"fr_FR\" \/>\n<meta property=\"og:type\" content=\"article\" \/>\n<meta property=\"og:title\" content=\"Mentions l\u00e9gales - Brasserie l&#039;armateur\" \/>\n<meta property=\"og:description\" content=\"Propri\u00e9taire du site : Nom de l\u2019entreprise : Brasserie L&#039;armateur Statut juridique : SRL Si\u00e8ge social : 27 RUE DE LA FONTAINE 22450 LA ROCHE-JAUDY BCE\/TVA : FR56953318375 Adresse e-mail : contact@brasserielarmateur.fr Num\u00e9ro de t\u00e9l\u00e9phone : +33 6 46 42 08 62 Directeur de la publication : Beno\u00eet Duverger &nbsp; H\u00e9bergeur du site : &nbsp; [&hellip;]\" \/>\n<meta property=\"og:url\" content=\"https:\/\/www.brasserielarmateur.fr\/index.php\/mentions-legales\/\" \/>\n<meta property=\"og:site_name\" content=\"Brasserie l&#039;armateur\" \/>\n<meta property=\"og:image\" content=\"https:\/\/app.greenweb.org\/api\/v3\/greencheckimage\/www.brasserielarmateur.fr?nocache=true\" \/>\n<meta name=\"twitter:card\" content=\"summary_large_image\" \/>\n<meta name=\"twitter:label1\" content=\"Dur\u00e9e de lecture estim\u00e9e\" \/>\n\t<meta name=\"twitter:data1\" content=\"2 minutes\" \/>\n<script type=\"application\/ld+json\" class=\"yoast-schema-graph\">{\"@context\":\"https:\/\/schema.org\",\"@graph\":[{\"@type\":\"WebPage\",\"@id\":\"https:\/\/www.brasserielarmateur.fr\/index.php\/mentions-legales\/\",\"url\":\"https:\/\/www.brasserielarmateur.fr\/index.php\/mentions-legales\/\",\"name\":\"Mentions l\u00e9gales - Brasserie l&#039;armateur\",\"isPartOf\":{\"@id\":\"https:\/\/www.brasserielarmateur.fr\/#website\"},\"primaryImageOfPage\":{\"@id\":\"https:\/\/www.brasserielarmateur.fr\/index.php\/mentions-legales\/#primaryimage\"},\"image\":{\"@id\":\"https:\/\/www.brasserielarmateur.fr\/index.php\/mentions-legales\/#primaryimage\"},\"thumbnailUrl\":\"https:\/\/app.greenweb.org\/api\/v3\/greencheckimage\/www.brasserielarmateur.fr?nocache=true\",\"datePublished\":\"2025-10-29T13:05:05+00:00\",\"breadcrumb\":{\"@id\":\"https:\/\/www.brasserielarmateur.fr\/index.php\/mentions-legales\/#breadcrumb\"},\"inLanguage\":\"fr-FR\",\"potentialAction\":[{\"@type\":\"ReadAction\",\"target\":[\"https:\/\/www.brasserielarmateur.fr\/index.php\/mentions-legales\/\"]}]},{\"@type\":\"ImageObject\",\"inLanguage\":\"fr-FR\",\"@id\":\"https:\/\/www.brasserielarmateur.fr\/index.php\/mentions-legales\/#primaryimage\",\"url\":\"https:\/\/app.greenweb.org\/api\/v3\/greencheckimage\/www.brasserielarmateur.fr?nocache=true\",\"contentUrl\":\"https:\/\/app.greenweb.org\/api\/v3\/greencheckimage\/www.brasserielarmateur.fr?nocache=true\"},{\"@type\":\"BreadcrumbList\",\"@id\":\"https:\/\/www.brasserielarmateur.fr\/index.php\/mentions-legales\/#breadcrumb\",\"itemListElement\":[{\"@type\":\"ListItem\",\"position\":1,\"name\":\"Accueil\",\"item\":\"https:\/\/www.brasserielarmateur.fr\/\"},{\"@type\":\"ListItem\",\"position\":2,\"name\":\"Mentions l\u00e9gales\"}]},{\"@type\":\"WebSite\",\"@id\":\"https:\/\/www.brasserielarmateur.fr\/#website\",\"url\":\"https:\/\/www.brasserielarmateur.fr\/\",\"name\":\"Brasserie l&#039;armateur\",\"description\":\"Mettre du sens dans ce que l&#039;on boit\",\"potentialAction\":[{\"@type\":\"SearchAction\",\"target\":{\"@type\":\"EntryPoint\",\"urlTemplate\":\"https:\/\/www.brasserielarmateur.fr\/?s={search_term_string}\"},\"query-input\":{\"@type\":\"PropertyValueSpecification\",\"valueRequired\":true,\"valueName\":\"search_term_string\"}}],\"inLanguage\":\"fr-FR\"}]}<\/script>\n<!-- \/ Yoast SEO plugin. -->","yoast_head_json":{"title":"Mentions l\u00e9gales - Brasserie l&#039;armateur","robots":{"index":"index","follow":"follow","max-snippet":"max-snippet:-1","max-image-preview":"max-image-preview:large","max-video-preview":"max-video-preview:-1"},"canonical":"https:\/\/www.brasserielarmateur.fr\/index.php\/mentions-legales\/","og_locale":"fr_FR","og_type":"article","og_title":"Mentions l\u00e9gales - Brasserie l&#039;armateur","og_description":"Propri\u00e9taire du site : Nom de l\u2019entreprise : Brasserie L'armateur Statut juridique : SRL Si\u00e8ge social : 27 RUE DE LA FONTAINE 22450 LA ROCHE-JAUDY BCE\/TVA : FR56953318375 Adresse e-mail : contact@brasserielarmateur.fr Num\u00e9ro de t\u00e9l\u00e9phone : +33 6 46 42 08 62 Directeur de la publication : Beno\u00eet Duverger &nbsp; H\u00e9bergeur du site : &nbsp; [&hellip;]","og_url":"https:\/\/www.brasserielarmateur.fr\/index.php\/mentions-legales\/","og_site_name":"Brasserie l&#039;armateur","og_image":[{"url":"https:\/\/app.greenweb.org\/api\/v3\/greencheckimage\/www.brasserielarmateur.fr?nocache=true","type":"","width":"","height":""}],"twitter_card":"summary_large_image","twitter_misc":{"Dur\u00e9e de lecture estim\u00e9e":"2 minutes"},"schema":{"@context":"https:\/\/schema.org","@graph":[{"@type":"WebPage","@id":"https:\/\/www.brasserielarmateur.fr\/index.php\/mentions-legales\/","url":"https:\/\/www.brasserielarmateur.fr\/index.php\/mentions-legales\/","name":"Mentions l\u00e9gales - Brasserie l&#039;armateur","isPartOf":{"@id":"https:\/\/www.brasserielarmateur.fr\/#website"},"primaryImageOfPage":{"@id":"https:\/\/www.brasserielarmateur.fr\/index.php\/mentions-legales\/#primaryimage"},"image":{"@id":"https:\/\/www.brasserielarmateur.fr\/index.php\/mentions-legales\/#primaryimage"},"thumbnailUrl":"https:\/\/app.greenweb.org\/api\/v3\/greencheckimage\/www.brasserielarmateur.fr?nocache=true","datePublished":"2025-10-29T13:05:05+00:00","breadcrumb":{"@id":"https:\/\/www.brasserielarmateur.fr\/index.php\/mentions-legales\/#breadcrumb"},"inLanguage":"fr-FR","potentialAction":[{"@type":"ReadAction","target":["https:\/\/www.brasserielarmateur.fr\/index.php\/mentions-legales\/"]}]},{"@type":"ImageObject","inLanguage":"fr-FR","@id":"https:\/\/www.brasserielarmateur.fr\/index.php\/mentions-legales\/#primaryimage","url":"https:\/\/app.greenweb.org\/api\/v3\/greencheckimage\/www.brasserielarmateur.fr?nocache=true","contentUrl":"https:\/\/app.greenweb.org\/api\/v3\/greencheckimage\/www.brasserielarmateur.fr?nocache=true"},{"@type":"BreadcrumbList","@id":"https:\/\/www.brasserielarmateur.fr\/index.php\/mentions-legales\/#breadcrumb","itemListElement":[{"@type":"ListItem","position":1,"name":"Accueil","item":"https:\/\/www.brasserielarmateur.fr\/"},{"@type":"ListItem","position":2,"name":"Mentions l\u00e9gales"}]},{"@type":"WebSite","@id":"https:\/\/www.brasserielarmateur.fr\/#website","url":"https:\/\/www.brasserielarmateur.fr\/","name":"Brasserie l&#039;armateur","description":"Mettre du sens dans ce que l&#039;on boit","potentialAction":[{"@type":"SearchAction","target":{"@type":"EntryPoint","urlTemplate":"https:\/\/www.brasserielarmateur.fr\/?s={search_term_string}"},"query-input":{"@type":"PropertyValueSpecification","valueRequired":true,"valueName":"search_term_string"}}],"inLanguage":"fr-FR"}]}},"_links":{"self":[{"href":"https:\/\/www.brasserielarmateur.fr\/index.php\/wp-json\/wp\/v2\/pages\/344","targetHints":{"allow":["GET"]}}],"collection":[{"href":"https:\/\/www.brasserielarmateur.fr\/index.php\/wp-json\/wp\/v2\/pages"}],"about":[{"href":"https:\/\/www.brasserielarmateur.fr\/index.php\/wp-json\/wp\/v2\/types\/page"}],"author":[{"embeddable":true,"href":"https:\/\/www.brasserielarmateur.fr\/index.php\/wp-json\/wp\/v2\/users\/4"}],"replies":[{"embeddable":true,"href":"https:\/\/www.brasserielarmateur.fr\/index.php\/wp-json\/wp\/v2\/comments?post=344"}],"version-history":[{"count":2,"href":"https:\/\/www.brasserielarmateur.fr\/index.php\/wp-json\/wp\/v2\/pages\/344\/revisions"}],"predecessor-version":[{"id":347,"href":"https:\/\/www.brasserielarmateur.fr\/index.php\/wp-json\/wp\/v2\/pages\/344\/revisions\/347"}],"wp:attachment":[{"href":"https:\/\/www.brasserielarmateur.fr\/index.php\/wp-json\/wp\/v2\/media?parent=344"}],"curies":[{"name":"wp","href":"https:\/\/api.w.org\/{rel}","templated":true}]}}